{"id":6,"date":"2015-06-15T16:46:48","date_gmt":"2015-06-15T16:46:48","guid":{"rendered":"http:\/\/genevieveetbernardauxameriques.wordpress.com\/?page_id=1"},"modified":"2024-04-16T15:31:17","modified_gmt":"2024-04-16T14:31:17","slug":"a-propos","status":"publish","type":"page","link":"https:\/\/genevieveetbernardauxameriques.fr\/index.php\/a-propos\/","title":{"rendered":"Itin\u00e9raire"},"content":{"rendered":"<p><strong>D\u00e9part: Santiago du Chili le 5 Novembre 2015<\/strong><\/p>\n<p>Puis descente vers le Sud jusqu&rsquo;\u00e0 Ushuaia en Argentine, en passant par la CARRETERA AUSTRAL, jusqu&rsquo;\u00e0 VILLA O&rsquo;HIGGINS.<\/p>\n<p>Ensuite, d\u00e9part \u00a0Nord Est pour Buenos Aires, puis nous montons jusqu&rsquo;\u00e0 IGUACU. Une incursion au Br\u00e9sil, jusqu&rsquo;\u00e0 RIO, OURO PETRO et le Pantanal nous permettra de rejoindre le Paraguay.<\/p>\n<p>Retour\u00a0au nord de l&rsquo;Argentine\u00a0(r\u00e9gion de Salta)\u00a0et au Chili (d\u00e9sert d&rsquo;Atacama)<\/p>\n<p>Ensuite, nous retrouverons \u00a0Audrey et sa petite famille en juillet 2016 au P\u00e9rou.<\/p>\n<p>Un petit retour en France en Ao\u00fbt et septembre, pour profiter de notre famille et de nos amis.<\/p>\n<p>Apr\u00e8s le P\u00e9rou, notre p\u00e9riple se poursuivra en Bolivie, Equateur et Colombie. Notre premi\u00e8re ann\u00e9e de voyage devrait s&rsquo;arr\u00eater l\u00e0. <strong><em>Nous avons mis en r\u00e9alit\u00e9 18 mois.<\/em><\/strong><\/p>\n<p>Ensuite,\u00a0travers\u00e9e en bateau, car la\u00a0\u00a0fronti\u00e8re entre la Colombie et Panama\u00a0 qui est contest\u00e9e et\u00a0aussi une zone foresti\u00e8re class\u00e9e r\u00e9serve de la biosph\u00e8re, n&rsquo;a pas de route. Donc nous prendrons soit\u00a0un container ou un ferry (s&rsquo;il y en a un au moment de notre travers\u00e9e) et nous pourrons continuer notre remont\u00e9e vers le nord.<\/p>\n<p>Direction les Etats-Unis\u00a0en\u00a0passant par Panama, Costa Rica, Nicaragua,\u00a0Honduras, Salvador, Guatemala et Mexique\u00a0pour finir au Canada, mais en quelle ann\u00e9e ?<\/p>\n<p>(Voir la carte pour suivre notre parcours au jour le jour)<\/p>\n<h3 style=\"text-align: center;\"><b><i>M<\/i><\/b><strong><em>ise \u00e0 jour de Janvier 2018<\/em><\/strong><\/h3>\n<p>Voil\u00e0 nous sommes de retour pour notre nouveau p\u00e9riple apr\u00e8s avoir pass\u00e9 6 mois en France. Il semblerait que nous sommes au milieu de notre voyage. Nous reprenons la route au COSTA RICA.<\/p>\n<p>Nous pr\u00e9voyons de remonter tranquillement jusqu&rsquo;au Mexique pour le quitter vers fin avril.<\/p>\n<p>Ensuite la Californie, visite de LOS ANGELES, SAN FRANCISCO puis le reste de la c\u00f4te Ouest des Etats-Unis assez vite pour \u00eatre en Alaska \u00e0 la fin du printemps et l&rsquo;\u00e9t\u00e9 nous redescendrons tranquillement en visitant l&rsquo;ouest du Canada et les parcs nationaux des USA. On laissera le camper quelque part et rentrerons en France pour les f\u00eates de fin d&rsquo;ann\u00e9e 2018.<\/p>\n<p>Retour d\u00e9but 2019 pour rejoindre le Qu\u00e9bec en passant par le sud des Etats-Unis (Las Vegas, Nouvelle Orl\u00e9ans, Louisiane, Floride s&rsquo;il fait beau) et la c\u00f4te Est.<\/p>\n<p>Nous devrions \u00eatre l&rsquo;\u00e9t\u00e9 2019 au Qu\u00e9bec et l\u00e0 se terminera notre grand voyage sur ce continent, nous vendrons notre compagnon avec beaucoup de nostalgie.<\/p>\n<p><strong>Nouveau changement de programme<\/strong><\/p>\n<p>En mars 2018, nous sommes au Guatemala et nous sommes \u00e0 la fronti\u00e8re du YUCATAN au MEXIQUE, c&rsquo;est ci pr\u00e8s de nous, que nous avons d\u00e9cid\u00e9 de ne pas aller en ALASKA cette ann\u00e9e, seulement en 2019 avant notre retour. Cela nous faisait aller trop vite et d&rsquo;autre part, que de kilom\u00e8tres inutiles \u00e0 monter puis redescendre.<\/p>\n<p>Nous visiterons donc le Mexique et un peu les parcs des Etats Unis avant notre retour en France.<\/p>\n<p>Ensuite plus de projets \u00e0 l&rsquo;avance, on risque de ne pas s&rsquo;y tenir.<\/p>\n<hr \/>\n<p>Et bien oui on a encore chang\u00e9 nos plans, nous sommes rentr\u00e9s en FRANCE en juin, juillet, aout 2018.<\/p>\n<p>Nous avons quitt\u00e9 le MEXIQUE le 22 septembre car nous n&rsquo;avions pas pu avoir de Visa pour plus de 6 mois.<\/p>\n<p>Nous allons visiter les parcs du sud ouest am\u00e9ricain et lorsque nous aurons trop froid, nous retournerons au MEXIQUE, visiter le nord et surtout la BASSE CALIFORNIE.<\/p>\n<p>Au printemps d\u00e9part pour l&rsquo;ALASKA.<\/p>\n<p><b>Ann\u00e9e 2019<\/b><\/p>\n<p><b><\/b>Nous sommes rest\u00e9 au Mexique de d\u00e9cembre 2018 au 10 mars 2019, puis nous retournons en CALIFORNIE.<\/p>\n<p>Notre visa de 6 mois aux USA se termine le 20 mars, 2 jours avant nous prenons l&rsquo;avion de LOS ANGELES pour SYDNEY.<\/p>\n<p>Le 29 avril 2019, nous retournons aux Etats Unis avec un nouveau visa de 6 mois.<\/p>\n<p>Nous terminons les parcs de l&rsquo;Ouest am\u00e9ricain, puis de SAN FRANCISCO nous longeons la c\u00f4te Pacifique pour rejoindre l&rsquo;Ile de VANCOUVER d&rsquo;o\u00f9 nous prenons un ferry jusqu&rsquo;\u00e0 HAISNES en ALASKA.<\/p>\n<p>On passe l&rsquo;\u00e9t\u00e9 dans le tr\u00e8s grand Nord et apr\u00e8s la visite du YELLOSTONE on rejoint MONTREAL, pour mettre notre v\u00e9hicule en gardiennage.<\/p>\n<p><b><span style=\"color: #b00000;\">2020<\/span><\/b><\/p>\n<p>Comme il fait vraiment trop froid dans le nord des Am\u00e9riques, on rentre en France en septembre 2019.<\/p>\n<p>Nous effectuons un petit s\u00e9jour de deux bons mois au Maroc et en Mai on reprendra la route pour la partie Nord Est du Canada.<\/p>\n<p>Malheureusement, voil\u00e0 la COVID.<\/p>\n<p><strong><em>TOUS NOS PROJETS VONT TOMBER A L&rsquo;EAU<\/em><\/strong><\/p>\n<p>Nous sommes au MAROC et apprenons que nous ne pouvons plus quitter la France, on ne sait pas exactement pour combien de temps.<\/p>\n<p>Nous pouvons \u00eatre rapatri\u00e9s en FRANCE pendant les premiers jours du COVID ou rester ici sans savoir pendant combien de temps. Nous choisissons la 2\u00e8me solution et ne le regretterons pas.<\/p>\n<p>Nous sommes au soleil, avec des amis, nous ne manquons de rien, nous pouvons nous promener dans AGADIR. Je peux faire du v\u00e9lo tous les jours sans trop m&rsquo;\u00e9carter de la ville.<\/p>\n<p>Nous resterons jusqu&rsquo;au 2 juin et serons rapatri\u00e9s en bateau de TANGER \u00e0 SETE. Durant la travers\u00e9e nous apprenons que la France a lev\u00e9 le confinement.<\/p>\n<p>Malheureusement, la COVID se prolonge et nous commen\u00e7ons \u00e0 d\u00e9sesp\u00e9rer.<\/p>\n<p>L\u2019\u00e9t\u00e9<strong> 2021<\/strong> arrive et toujours pas le droit de quitter la France pour le CANADA.<\/p>\n<p>Nous demandons \u00e0 nos amis de MONT TREMBLANT de s\u2019occuper de la vente de notre v\u00e9hicule. Ce qui aura lieu en aout \u00e0 notre tr\u00e8s grand regret car notre voyage aux Am\u00e9riques sera termin\u00e9 d\u00e9finitivement.<\/p>\n<p>&nbsp;<\/p>\n","protected":false},"excerpt":{"rendered":"<p>D\u00e9part: Santiago du Chili le 5 Novembre 2015 Puis descente vers le Sud jusqu&rsquo;\u00e0 Ushuaia en Argentine, en passant par la CARRETERA AUSTRAL, jusqu&rsquo;\u00e0 VILLA O&rsquo;HIGGINS. Ensuite, d\u00e9part \u00a0Nord Est pour Buenos Aires, puis nous montons jusqu&rsquo;\u00e0 IGUACU. Une incursion &hellip; <a href=\"https:\/\/genevieveetbernardauxameriques.fr\/index.php\/a-propos\/\">Continuer la lecture <span class=\"meta-nav\">&rarr;<\/span><\/a><\/p>\n","protected":false},"author":2,"featured_media":0,"parent":0,"menu_order":0,"comment_status":"open","ping_status":"open","template":"","meta":{"jetpack_post_was_ever_published":false,"footnotes":""},"jetpack_sharing_enabled":true,"jetpack_shortlink":"https:\/\/wp.me\/P7hALO-6","_links":{"self":[{"href":"https:\/\/genevieveetbernardauxameriques.fr\/index.php\/wp-json\/wp\/v2\/pages\/6"}],"collection":[{"href":"https:\/\/genevieveetbernardauxameriques.fr\/index.php\/wp-json\/wp\/v2\/pages"}],"about":[{"href":"https:\/\/genevieveetbernardauxameriques.fr\/index.php\/wp-json\/wp\/v2\/types\/page"}],"author":[{"embeddable":true,"href":"https:\/\/genevieveetbernardauxameriques.fr\/index.php\/wp-json\/wp\/v2\/users\/2"}],"replies":[{"embeddable":true,"href":"https:\/\/genevieveetbernardauxameriques.fr\/index.php\/wp-json\/wp\/v2\/comments?post=6"}],"version-history":[{"count":14,"href":"https:\/\/genevieveetbernardauxameriques.fr\/index.php\/wp-json\/wp\/v2\/pages\/6\/revisions"}],"predecessor-version":[{"id":47106,"href":"https:\/\/genevieveetbernardauxameriques.fr\/index.php\/wp-json\/wp\/v2\/pages\/6\/revisions\/47106"}],"wp:attachment":[{"href":"https:\/\/genevieveetbernardauxameriques.fr\/index.php\/wp-json\/wp\/v2\/media?parent=6"}],"curies":[{"name":"wp","href":"https:\/\/api.w.org\/{rel}","templated":true}]}}